{"id":134,"date":"2010-11-17T13:34:44","date_gmt":"2010-11-17T13:34:44","guid":{"rendered":"http:\/\/www.arelabretagne.levillage.org\/?page_id=134"},"modified":"2023-11-19T21:39:14","modified_gmt":"2023-11-19T21:39:14","slug":"vie-de-lassociation","status":"publish","type":"page","link":"http:\/\/www.arelabretagne.levillage.org\/?page_id=134","title":{"rendered":"Vie de l&rsquo;association"},"content":{"rendered":"<h3><a href=\"http:\/\/www.arelabretagne.levillage.org\/?attachment_id=816\" rel=\"attachment wp-att-816\"><img loading=\"lazy\" decoding=\"async\" data-attachment-id=\"816\" data-permalink=\"http:\/\/www.arelabretagne.levillage.org\/?attachment_id=816\" data-orig-file=\"http:\/\/www.arelabretagne.levillage.org\/bibliotheque\/2010\/10\/logoarela2.jpg\" data-orig-size=\"645,645\" data-comments-opened=\"0\" data-image-meta=\"{&quot;aperture&quot;:&quot;0&quot;,&quot;credit&quot;:&quot;&quot;,&quot;camera&quot;:&quot;&quot;,&quot;caption&quot;:&quot;&quot;,&quot;created_timestamp&quot;:&quot;0&quot;,&quot;copyright&quot;:&quot;&quot;,&quot;focal_length&quot;:&quot;0&quot;,&quot;iso&quot;:&quot;0&quot;,&quot;shutter_speed&quot;:&quot;0&quot;,&quot;title&quot;:&quot;&quot;}\" data-image-title=\"logoarela2\" data-image-description=\"\" data-image-caption=\"\" data-large-file=\"http:\/\/www.arelabretagne.levillage.org\/bibliotheque\/2010\/10\/logoarela2.jpg\" class=\"wp-image-816 aligncenter\" src=\"http:\/\/www.arelabretagne.levillage.org\/bibliotheque\/2010\/10\/logoarela2.jpg\" alt=\"logoarela2\" width=\"453\" height=\"453\" srcset=\"http:\/\/www.arelabretagne.levillage.org\/bibliotheque\/2010\/10\/logoarela2.jpg 645w, http:\/\/www.arelabretagne.levillage.org\/bibliotheque\/2010\/10\/logoarela2-150x150.jpg 150w, http:\/\/www.arelabretagne.levillage.org\/bibliotheque\/2010\/10\/logoarela2-300x300.jpg 300w\" sizes=\"auto, (max-width: 453px) 100vw, 453px\" \/><\/a><\/h3>\n<h3 style=\"text-align: justify;\"><span style=\"color: #000000;\"><strong>L&rsquo;Association R\u00e9gionale des Enseignants de Langues Anciennes<\/strong> a \u00e9t\u00e9 cr\u00e9\u00e9e en 2004 pour promouvoir et d\u00e9fendre la connaissance et l\u2019enseignement des langues et cultures de l&rsquo;Antiquit\u00e9.<\/span><\/h3>\n<h4 style=\"text-align: justify;\">D\u00e9couvrez notre association \u00e0 travers le prezi suivant : <span style=\"color: #993300;\"><a style=\"color: #993300;\" href=\"http:\/\/prezi.com\/v45qxgd-h5dy\/?utm_campaign=share&amp;utm_medium=copy\">http:\/\/prezi.com\/v45qxgd-h5dy\/?utm_campaign=share&amp;utm_medium=copy\u00a0<\/a>\u00a0 <\/span><\/h4>\n<h3><span style=\"color: #0000ff;\"><strong>ASSEMBLEE GENERALE 2021: pour t\u00e9l\u00e9charger la convocation, cliquez sur le lien.<\/strong> <\/span><\/h3>\n<h2><strong><a href=\"http:\/\/www.arelabretagne.levillage.org\/?attachment_id=2066\" rel=\"attachment wp-att-2066\">CONVOCATION a\u0300 l\u2019AG de L\u2019ARELA BRETAGNE Pl\u00e9rin 2021<\/a><\/strong><\/h2>\n<h4>* L&rsquo;assembl\u00e9e g\u00e9n\u00e9rale 2019 s&rsquo;est tenue \u00e0 Vannes, \u00e0 la maison des associations.<\/h4>\n<p><strong>* L&rsquo;assembl\u00e9e g\u00e9n\u00e9rale 2018 s&rsquo;est tenue le samedi 5 octobre \u00e0 Douarnenez\u00a0 dans le Finist\u00e8re. Le compte-rendu:\u00a0 <a href=\"http:\/\/www.arelabretagne.levillage.org\/?attachment_id=1788\" rel=\"attachment wp-att-1788\">CR_ARELABr_5octobre2018<\/a><\/strong><\/p>\n<h4><strong>* L&rsquo;assembl\u00e9e g\u00e9n\u00e9rale 2017 a eu lieu le 30 septembre \u00e0 Landerneau dans le Finist\u00e8re. Voici le compte-rendu : <a href=\"http:\/\/www.arelabretagne.levillage.org\/?attachment_id=1697\" rel=\"attachment wp-att-1697\">ARELA complete AG Landerneau 30 09 17<\/a><\/strong><\/h4>\n<h4 style=\"text-align: justify;\"><strong>* L&rsquo;assembl\u00e9e g\u00e9n\u00e9rale 2016 a lieu le 1er octobre \u00e0 La M\u00e9zi\u00e8re, en Ille et Vilaine. Voici le compte-rendu\u00a0 :<span style=\"color: #993300;\"> <a style=\"color: #993300;\" href=\"http:\/\/www.arelabretagne.levillage.org\/?attachment_id=1638\" rel=\"attachment wp-att-1638\">compte-rendu-ag-la-meziere-2<\/a><\/span><\/strong><\/h4>\n<h4 style=\"text-align: justify;\"><strong>* Ann\u00e9e 2015 : Compte-rendu\u00a0 (<span style=\"color: #993300;\"><a style=\"color: #993300;\" href=\"http:\/\/www.arelabretagne.levillage.org\/?attachment_id=1446\" rel=\"attachment wp-att-1446\">AG_3octobre<\/a><\/span>).<\/strong><\/h4>\n<h5><\/h5>\n","protected":false},"excerpt":{"rendered":"<p>L&rsquo;Association R\u00e9gionale des Enseignants de Langues Anciennes a \u00e9t\u00e9 cr\u00e9\u00e9e en 2004 pour promouvoir et d\u00e9fendre la connaissance et l\u2019enseignement des langues et cultures de l&rsquo;Antiquit\u00e9. D\u00e9couvrez notre association \u00e0 travers le prezi suivant : http:\/\/prezi.com\/v45qxgd-h5dy\/?utm_campaign=share&amp;utm_medium=copy\u00a0\u00a0 ASSEMBLEE GENERALE 2021: pour t\u00e9l\u00e9charger la convocation, cliquez sur le lien. CONVOCATION a\u0300 l\u2019AG de L\u2019ARELA BRETAGNE Pl\u00e9rin 2021 [&hellip;]<\/p>\n","protected":false},"author":1,"featured_media":0,"parent":0,"menu_order":0,"comment_status":"closed","ping_status":"closed","template":"","meta":{"jetpack_post_was_ever_published":false,"footnotes":""},"class_list":["post-134","page","type-page","status-publish","hentry"],"jetpack_shortlink":"https:\/\/wp.me\/P2hPjg-2a","jetpack_sharing_enabled":true,"jetpack_likes_enabled":true,"_links":{"self":[{"href":"http:\/\/www.arelabretagne.levillage.org\/index.php?rest_route=\/wp\/v2\/pages\/134","targetHints":{"allow":["GET"]}}],"collection":[{"href":"http:\/\/www.arelabretagne.levillage.org\/index.php?rest_route=\/wp\/v2\/pages"}],"about":[{"href":"http:\/\/www.arelabretagne.levillage.org\/index.php?rest_route=\/wp\/v2\/types\/page"}],"author":[{"embeddable":true,"href":"http:\/\/www.arelabretagne.levillage.org\/index.php?rest_route=\/wp\/v2\/users\/1"}],"replies":[{"embeddable":true,"href":"http:\/\/www.arelabretagne.levillage.org\/index.php?rest_route=%2Fwp%2Fv2%2Fcomments&post=134"}],"version-history":[{"count":23,"href":"http:\/\/www.arelabretagne.levillage.org\/index.php?rest_route=\/wp\/v2\/pages\/134\/revisions"}],"predecessor-version":[{"id":2067,"href":"http:\/\/www.arelabretagne.levillage.org\/index.php?rest_route=\/wp\/v2\/pages\/134\/revisions\/2067"}],"wp:attachment":[{"href":"http:\/\/www.arelabretagne.levillage.org\/index.php?rest_route=%2Fwp%2Fv2%2Fmedia&parent=134"}],"curies":[{"name":"wp","href":"https:\/\/api.w.org\/{rel}","templated":true}]}}