{"id":1467,"date":"2015-12-11T18:01:56","date_gmt":"2015-12-11T18:01:56","guid":{"rendered":"http:\/\/www.arelabretagne.levillage.org\/?page_id=1467"},"modified":"2016-10-05T10:42:20","modified_gmt":"2016-10-05T10:42:20","slug":"journees-dautomne-2016","status":"publish","type":"page","link":"http:\/\/www.arelabretagne.levillage.org\/?page_id=1467","title":{"rendered":"Journ\u00e9es d&rsquo;automne 2016"},"content":{"rendered":"<h2 style=\"text-align: center;\"><a href=\"http:\/\/www.arelabretagne.levillage.org\/?attachment_id=1599\" rel=\"attachment wp-att-1599\"><img loading=\"lazy\" decoding=\"async\" data-attachment-id=\"1599\" data-permalink=\"http:\/\/www.arelabretagne.levillage.org\/?attachment_id=1599\" data-orig-file=\"http:\/\/www.arelabretagne.levillage.org\/bibliotheque\/2015\/12\/vignette-event.jpg\" data-orig-size=\"367,296\" data-comments-opened=\"0\" data-image-meta=\"{&quot;aperture&quot;:&quot;0&quot;,&quot;credit&quot;:&quot;&quot;,&quot;camera&quot;:&quot;&quot;,&quot;caption&quot;:&quot;&quot;,&quot;created_timestamp&quot;:&quot;0&quot;,&quot;copyright&quot;:&quot;&quot;,&quot;focal_length&quot;:&quot;0&quot;,&quot;iso&quot;:&quot;0&quot;,&quot;shutter_speed&quot;:&quot;0&quot;,&quot;title&quot;:&quot;&quot;,&quot;orientation&quot;:&quot;1&quot;}\" data-image-title=\"vignette-event\" data-image-description=\"\" data-image-caption=\"\" data-large-file=\"http:\/\/www.arelabretagne.levillage.org\/bibliotheque\/2015\/12\/vignette-event.jpg\" class=\"alignleft size-full wp-image-1599\" src=\"http:\/\/www.arelabretagne.levillage.org\/bibliotheque\/2015\/12\/vignette-event.jpg\" alt=\"vignette-event\" width=\"367\" height=\"296\" srcset=\"http:\/\/www.arelabretagne.levillage.org\/bibliotheque\/2015\/12\/vignette-event.jpg 367w, http:\/\/www.arelabretagne.levillage.org\/bibliotheque\/2015\/12\/vignette-event-300x242.jpg 300w\" sizes=\"auto, (max-width: 367px) 100vw, 367px\" \/><\/a>Chers Coll\u00e8gues,<\/h2>\n<p style=\"text-align: justify;\">L&rsquo;ARELA Bretagne est heureuse de vous accueillir \u00e0 Quimper les 21, 22 et 23 octobre 2016 o\u00f9 se d\u00e9rouleront les Journ\u00e9es d&rsquo;Octobre de la CNARELA.<\/p>\n<h2 style=\"text-align: center;\"><\/h2>\n<h4>Notre bulletin d&rsquo;inscription est disponible ici : <span style=\"color: #993300;\"><a style=\"color: #993300;\" href=\"http:\/\/www.arelabretagne.levillage.org\/?attachment_id=1590\" rel=\"attachment wp-att-1590\">bulletin inscription<\/a><\/span><\/h4>\n<h4>D\u00e9couvrez le programme des Journ\u00e9es :<\/h4>\n<p><a href=\"http:\/\/www.arelabretagne.levillage.org\/?attachment_id=1612\" rel=\"attachment wp-att-1612\"><img loading=\"lazy\" decoding=\"async\" data-attachment-id=\"1612\" data-permalink=\"http:\/\/www.arelabretagne.levillage.org\/?attachment_id=1612\" data-orig-file=\"http:\/\/www.arelabretagne.levillage.org\/bibliotheque\/2015\/12\/JourneesAutomne2016programmeweb.jpeg\" data-orig-size=\"680,1020\" data-comments-opened=\"0\" data-image-meta=\"{&quot;aperture&quot;:&quot;0&quot;,&quot;credit&quot;:&quot;&quot;,&quot;camera&quot;:&quot;&quot;,&quot;caption&quot;:&quot;&quot;,&quot;created_timestamp&quot;:&quot;0&quot;,&quot;copyright&quot;:&quot;&quot;,&quot;focal_length&quot;:&quot;0&quot;,&quot;iso&quot;:&quot;0&quot;,&quot;shutter_speed&quot;:&quot;0&quot;,&quot;title&quot;:&quot;&quot;,&quot;orientation&quot;:&quot;0&quot;}\" data-image-title=\"JourneesAutomne2016programmeweb\" data-image-description=\"\" data-image-caption=\"\" data-large-file=\"http:\/\/www.arelabretagne.levillage.org\/bibliotheque\/2015\/12\/JourneesAutomne2016programmeweb.jpeg\" class=\"alignleft size-full wp-image-1612\" src=\"http:\/\/www.arelabretagne.levillage.org\/bibliotheque\/2015\/12\/JourneesAutomne2016programmeweb.jpeg\" alt=\"JourneesAutomne2016programmeweb\" width=\"680\" height=\"1020\" srcset=\"http:\/\/www.arelabretagne.levillage.org\/bibliotheque\/2015\/12\/JourneesAutomne2016programmeweb.jpeg 680w, http:\/\/www.arelabretagne.levillage.org\/bibliotheque\/2015\/12\/JourneesAutomne2016programmeweb-200x300.jpeg 200w, http:\/\/www.arelabretagne.levillage.org\/bibliotheque\/2015\/12\/JourneesAutomne2016programmeweb-624x936.jpeg 624w\" sizes=\"auto, (max-width: 680px) 100vw, 680px\" \/><\/a><\/p>\n<p>En version PDF, avec les derni\u00e8res corrections c&rsquo;est ici : <span style=\"color: #993300;\"><a style=\"color: #993300;\" href=\"http:\/\/www.arelabretagne.levillage.org\/?attachment_id=1632\" rel=\"attachment wp-att-1632\">journeesautomne2016legerfinal<\/a><\/span><\/p>\n<h4>Quelques renseignements pratiques indispensables pour que votre s\u00e9jour se passe au mieux :<\/h4>\n<h4>Les lieux des journ\u00e9es : <span style=\"color: #993300;\"><a style=\"color: #993300;\" href=\"http:\/\/www.arelabretagne.levillage.org\/?attachment_id=1635\" rel=\"attachment wp-att-1635\">decouvrir-les-lieux-des-journees<\/a><\/span><\/h4>\n<h5>Pour arriver jusqu&rsquo;\u00e0 Quimper : <span style=\"color: #993300;\"><a style=\"color: #993300;\" href=\"http:\/\/www.arelabretagne.levillage.org\/?attachment_id=1592\" rel=\"attachment wp-att-1592\">arriver a\u0300 Quimper<\/a><\/span><\/h5>\n<h5>Se loger \u00e0 Quimper : <span style=\"color: #993300;\"><a style=\"color: #993300;\" href=\"http:\/\/www.arelabretagne.levillage.org\/?attachment_id=1593\" rel=\"attachment wp-att-1593\">se loger a\u0300 Quimper<\/a><\/span><\/h5>\n<h5>Se d\u00e9placer \u00e0 Quimper : <span style=\"color: #993300;\"><a style=\"color: #993300;\" href=\"http:\/\/www.arelabretagne.levillage.org\/?attachment_id=1594\" rel=\"attachment wp-att-1594\">se de\u0301placer a\u0300 Quimper<\/a><\/span><\/h5>\n<h5>Se rep\u00e9rer \u00e0 Quimper : <span style=\"color: #993300;\"><a style=\"color: #993300;\" href=\"http:\/\/www.arelabretagne.levillage.org\/?attachment_id=1595\" rel=\"attachment wp-att-1595\">se repe\u0301rer a\u0300 Quimper<\/a><\/span><\/h5>\n<h5>Visiter l&rsquo;Armorique gallo-romaine : quelques sites qui peuvent vous int\u00e9resser en arrivant ou en repartant : <span style=\"color: #993300;\"><a style=\"color: #993300;\" href=\"http:\/\/www.arelabretagne.levillage.org\/?attachment_id=1622\" rel=\"attachment wp-att-1622\">Visiter l&rsquo;Armorique romaine<\/a><\/span><\/h5>\n<p style=\"text-align: right;\">Tous nos documents sont au format PDF, sauf la carte.<\/p>\n<p style=\"text-align: justify;\"><a href=\"http:\/\/www.arelabretagne.levillage.org\/?attachment_id=1610\" rel=\"attachment wp-att-1610\"><img loading=\"lazy\" decoding=\"async\" data-attachment-id=\"1610\" data-permalink=\"http:\/\/www.arelabretagne.levillage.org\/?attachment_id=1610\" data-orig-file=\"http:\/\/www.arelabretagne.levillage.org\/bibliotheque\/2015\/12\/Nos-partenaires.png\" data-orig-size=\"842,1284\" data-comments-opened=\"0\" data-image-meta=\"{&quot;aperture&quot;:&quot;0&quot;,&quot;credit&quot;:&quot;&quot;,&quot;camera&quot;:&quot;&quot;,&quot;caption&quot;:&quot;&quot;,&quot;created_timestamp&quot;:&quot;0&quot;,&quot;copyright&quot;:&quot;&quot;,&quot;focal_length&quot;:&quot;0&quot;,&quot;iso&quot;:&quot;0&quot;,&quot;shutter_speed&quot;:&quot;0&quot;,&quot;title&quot;:&quot;&quot;,&quot;orientation&quot;:&quot;0&quot;}\" data-image-title=\"Nos partenaires\" data-image-description=\"\" data-image-caption=\"\" data-large-file=\"http:\/\/www.arelabretagne.levillage.org\/bibliotheque\/2015\/12\/Nos-partenaires-672x1024.png\" class=\"size-full wp-image-1610 aligncenter\" src=\"http:\/\/www.arelabretagne.levillage.org\/bibliotheque\/2015\/12\/Nos-partenaires.png\" alt=\"Nos partenaires\" width=\"842\" height=\"1284\" srcset=\"http:\/\/www.arelabretagne.levillage.org\/bibliotheque\/2015\/12\/Nos-partenaires.png 842w, http:\/\/www.arelabretagne.levillage.org\/bibliotheque\/2015\/12\/Nos-partenaires-197x300.png 197w, http:\/\/www.arelabretagne.levillage.org\/bibliotheque\/2015\/12\/Nos-partenaires-768x1171.png 768w, http:\/\/www.arelabretagne.levillage.org\/bibliotheque\/2015\/12\/Nos-partenaires-672x1024.png 672w, http:\/\/www.arelabretagne.levillage.org\/bibliotheque\/2015\/12\/Nos-partenaires-624x952.png 624w\" sizes=\"auto, (max-width: 842px) 100vw, 842px\" \/><\/a><\/p>\n","protected":false},"excerpt":{"rendered":"<p>Chers Coll\u00e8gues, L&rsquo;ARELA Bretagne est heureuse de vous accueillir \u00e0 Quimper les 21, 22 et 23 octobre 2016 o\u00f9 se d\u00e9rouleront les Journ\u00e9es d&rsquo;Octobre de la CNARELA. Notre bulletin d&rsquo;inscription est disponible ici : bulletin inscription D\u00e9couvrez le programme des Journ\u00e9es : En version PDF, avec les derni\u00e8res corrections c&rsquo;est ici : journeesautomne2016legerfinal Quelques renseignements [&hellip;]<\/p>\n","protected":false},"author":1,"featured_media":0,"parent":0,"menu_order":0,"comment_status":"closed","ping_status":"closed","template":"","meta":{"jetpack_post_was_ever_published":false,"footnotes":""},"class_list":["post-1467","page","type-page","status-publish","hentry"],"jetpack_shortlink":"https:\/\/wp.me\/P2hPjg-nF","jetpack_sharing_enabled":true,"jetpack_likes_enabled":true,"_links":{"self":[{"href":"http:\/\/www.arelabretagne.levillage.org\/index.php?rest_route=\/wp\/v2\/pages\/1467","targetHints":{"allow":["GET"]}}],"collection":[{"href":"http:\/\/www.arelabretagne.levillage.org\/index.php?rest_route=\/wp\/v2\/pages"}],"about":[{"href":"http:\/\/www.arelabretagne.levillage.org\/index.php?rest_route=\/wp\/v2\/types\/page"}],"author":[{"embeddable":true,"href":"http:\/\/www.arelabretagne.levillage.org\/index.php?rest_route=\/wp\/v2\/users\/1"}],"replies":[{"embeddable":true,"href":"http:\/\/www.arelabretagne.levillage.org\/index.php?rest_route=%2Fwp%2Fv2%2Fcomments&post=1467"}],"version-history":[{"count":15,"href":"http:\/\/www.arelabretagne.levillage.org\/index.php?rest_route=\/wp\/v2\/pages\/1467\/revisions"}],"predecessor-version":[{"id":1636,"href":"http:\/\/www.arelabretagne.levillage.org\/index.php?rest_route=\/wp\/v2\/pages\/1467\/revisions\/1636"}],"wp:attachment":[{"href":"http:\/\/www.arelabretagne.levillage.org\/index.php?rest_route=%2Fwp%2Fv2%2Fmedia&parent=1467"}],"curies":[{"name":"wp","href":"https:\/\/api.w.org\/{rel}","templated":true}]}}