{"id":2263,"date":"2024-09-06T12:53:49","date_gmt":"2024-09-06T12:53:49","guid":{"rendered":"http:\/\/www.arelabretagne.levillage.org\/?page_id=2263"},"modified":"2025-11-01T10:14:41","modified_gmt":"2025-11-01T10:14:41","slug":"concours-2025-droles-de-rencontres-en-mediterranee-antique","status":"publish","type":"page","link":"http:\/\/www.arelabretagne.levillage.org\/?page_id=2263","title":{"rendered":"Concours 2025"},"content":{"rendered":"\n<section id=\"g-0111zn1\" class=\"wp-block-gutentor-m4 section-g-0111zn1 gutentor-module gutentor-advanced-columns\"><div class=\"grid-container\"><div class=\"grid-row\">\n<div id=\"col-g-vklgyfl\" class=\"wp-block-gutentor-m4-col col-g-vklgyfl gutentor-single-column  grid-lg-4 grid-md-12 grid-12\"><div id=\"section-g-vklgyfl\" class=\"section-g-vklgyfl gutentor-col-wrap\">\n<p><\/p>\n\n\n<div class=\"wp-block-image\">\n<figure class=\"aligncenter size-full is-resized\"><img loading=\"lazy\" decoding=\"async\" width=\"645\" height=\"645\" data-attachment-id=\"816\" data-permalink=\"http:\/\/www.arelabretagne.levillage.org\/?attachment_id=816\" data-orig-file=\"http:\/\/www.arelabretagne.levillage.org\/bibliotheque\/2010\/10\/logoarela2.jpg\" data-orig-size=\"645,645\" data-comments-opened=\"0\" data-image-meta=\"{&quot;aperture&quot;:&quot;0&quot;,&quot;credit&quot;:&quot;&quot;,&quot;camera&quot;:&quot;&quot;,&quot;caption&quot;:&quot;&quot;,&quot;created_timestamp&quot;:&quot;0&quot;,&quot;copyright&quot;:&quot;&quot;,&quot;focal_length&quot;:&quot;0&quot;,&quot;iso&quot;:&quot;0&quot;,&quot;shutter_speed&quot;:&quot;0&quot;,&quot;title&quot;:&quot;&quot;}\" data-image-title=\"logoarela2\" data-image-description=\"\" data-image-caption=\"\" data-large-file=\"http:\/\/www.arelabretagne.levillage.org\/bibliotheque\/2010\/10\/logoarela2.jpg\" src=\"http:\/\/www.arelabretagne.levillage.org\/bibliotheque\/2010\/10\/logoarela2.jpg\" alt=\"\" class=\"wp-image-816\" style=\"width:126px;height:auto\" srcset=\"http:\/\/www.arelabretagne.levillage.org\/bibliotheque\/2010\/10\/logoarela2.jpg 645w, http:\/\/www.arelabretagne.levillage.org\/bibliotheque\/2010\/10\/logoarela2-150x150.jpg 150w, http:\/\/www.arelabretagne.levillage.org\/bibliotheque\/2010\/10\/logoarela2-300x300.jpg 300w\" sizes=\"auto, (max-width: 645px) 100vw, 645px\" \/><\/figure>\n<\/div><\/div><\/div>\n\n\n\n<div id=\"col-g-ho33hlf\" class=\"wp-block-gutentor-m4-col col-g-ho33hlf gutentor-single-column  grid-lg-4 grid-md-12 grid-12\"><div id=\"section-g-ho33hlf\" class=\"section-g-ho33hlf gutentor-col-wrap\">\n<p><\/p>\n\n\n\n<p class=\"has-text-align-center has-medium-font-size\"><em>\u00ab&nbsp;Dr\u00f4les de rencontres en M\u00e9diterran\u00e9e antique&nbsp;\u00bb<\/em><\/p>\n\n\n\n<p class=\"has-text-align-center\">organis\u00e9 par l\u2019ARELA-Bretagne<\/p>\n<\/div><\/div>\n\n\n\n<div id=\"col-g-llllkvn\" class=\"wp-block-gutentor-m4-col col-g-llllkvn gutentor-single-column  grid-lg-4 grid-md-12 grid-12\"><div id=\"section-g-llllkvn\" class=\"section-g-llllkvn gutentor-col-wrap\">\n<figure class=\"wp-block-image size-large is-resized\"><a href=\"http:\/\/www.arelabretagne.levillage.org\/bibliotheque\/2025\/02\/Printemps-antiquite_-2025-BD1-2.jpg\"><img loading=\"lazy\" decoding=\"async\" width=\"724\" height=\"1024\" data-attachment-id=\"2291\" data-permalink=\"http:\/\/www.arelabretagne.levillage.org\/?attachment_id=2291\" data-orig-file=\"http:\/\/www.arelabretagne.levillage.org\/bibliotheque\/2025\/02\/Printemps-antiquite_-2025-BD1-2.jpg\" data-orig-size=\"841,1190\" data-comments-opened=\"0\" data-image-meta=\"{&quot;aperture&quot;:&quot;0&quot;,&quot;credit&quot;:&quot;&quot;,&quot;camera&quot;:&quot;&quot;,&quot;caption&quot;:&quot;&quot;,&quot;created_timestamp&quot;:&quot;0&quot;,&quot;copyright&quot;:&quot;&quot;,&quot;focal_length&quot;:&quot;0&quot;,&quot;iso&quot;:&quot;0&quot;,&quot;shutter_speed&quot;:&quot;0&quot;,&quot;title&quot;:&quot;&quot;,&quot;orientation&quot;:&quot;0&quot;}\" data-image-title=\"Printemps antiquite_ 2025-BD1-2\" data-image-description=\"\" data-image-caption=\"\" data-large-file=\"http:\/\/www.arelabretagne.levillage.org\/bibliotheque\/2025\/02\/Printemps-antiquite_-2025-BD1-2-724x1024.jpg\" src=\"http:\/\/www.arelabretagne.levillage.org\/bibliotheque\/2025\/02\/Printemps-antiquite_-2025-BD1-2-724x1024.jpg\" alt=\"\" class=\"wp-image-2291\" style=\"width:153px;height:auto\" srcset=\"http:\/\/www.arelabretagne.levillage.org\/bibliotheque\/2025\/02\/Printemps-antiquite_-2025-BD1-2-724x1024.jpg 724w, http:\/\/www.arelabretagne.levillage.org\/bibliotheque\/2025\/02\/Printemps-antiquite_-2025-BD1-2-212x300.jpg 212w, http:\/\/www.arelabretagne.levillage.org\/bibliotheque\/2025\/02\/Printemps-antiquite_-2025-BD1-2-768x1087.jpg 768w, http:\/\/www.arelabretagne.levillage.org\/bibliotheque\/2025\/02\/Printemps-antiquite_-2025-BD1-2-624x883.jpg 624w, http:\/\/www.arelabretagne.levillage.org\/bibliotheque\/2025\/02\/Printemps-antiquite_-2025-BD1-2.jpg 841w\" sizes=\"auto, (max-width: 724px) 100vw, 724px\" \/><\/a><\/figure>\n<\/div><\/div>\n<\/div><\/div><\/section>\n\n\n\n<p><strong>Th\u00e8me<\/strong>&nbsp;: Imaginez une rencontre \u00e9tonnante, au cours d\u2019un voyage d\u2019un h\u00e9ros ou d\u2019une h\u00e9ro\u00efne (Ulysse, Jason, Th\u00e9s\u00e9e, Pers\u00e9e, Ariane, Nausicaa, Elissa, M\u00e9d\u00e9e\u2026) en M\u00e9diterran\u00e9e.<\/p>\n\n\n\n<p><strong>Modalit\u00e9s<\/strong>&nbsp;: une production collective qui pourra prendre la forme d\u2019un texte narratif ou d\u2019une sc\u00e8ne de th\u00e9\u00e2tre, accompagn\u00e9e d\u2019une mise en voix.<\/p>\n\n\n\n<hr class=\"wp-block-separator has-alpha-channel-opacity\"\/>\n\n\n\n<h2 class=\"wp-block-heading has-text-align-center\">Les laur\u00e9ats du concours 2025<\/h2>\n\n\n\n<p><strong>Lyc\u00e9es<\/strong><\/p>\n\n\n\n<figure class=\"wp-block-table\"><table class=\"has-fixed-layout\"><tbody><tr><td><strong>Rang<\/strong><\/td><td><strong>Etablissement<\/strong><\/td><td><strong>titre<\/strong><\/td><td><strong>Niveau<\/strong><\/td><td><strong>Professeur(e)<\/strong><\/td><\/tr><tr><td>1er<\/td><td>Lyc\u00e9e Auguste Pavie, Guingamp<\/td><td><em>Didon ou la trajectoire d&rsquo;une vie bris\u00e9e<\/em><\/td><td>Terminale<\/td><td>Magali Le Roux<\/td><\/tr><tr><td>2<sup>e<\/sup>&nbsp;<\/td><td>Lyc\u00e9e F\u00e9lix Le Dantec, Lannion<\/td><td><em>D&rsquo;une \u00eele \u00e0 l&rsquo;autre<\/em><\/td><td>2de&nbsp;<\/td><td>Isabelle Bonnefon<\/td><\/tr><tr><td>3<sup>e<\/sup> &nbsp;<\/td><td>Lyc\u00e9e Tristan Corbi\u00e8re, Morlaix<\/td><td><em>Destin vindicatif<\/em><\/td><td>1\u00e8re\/terminale<\/td><td>H\u00e9l\u00e8ne Marcadon<\/td><\/tr><\/tbody><\/table><\/figure>\n\n\n\n<p><strong>Coll\u00e8ges<\/strong><\/p>\n\n\n\n<figure class=\"wp-block-table\"><table class=\"has-fixed-layout\"><tbody><tr><td><strong>Rang<\/strong><\/td><td><strong>Etablissement<\/strong><\/td><td><strong>titre<\/strong><\/td><td><strong>Niveau<\/strong><\/td><td><strong>Professeur(e)<\/strong><\/td><\/tr><tr><td>1er<\/td><td>Coll\u00e8ge Jules Lequier (Pl\u00e9rin)<\/td><td><em>Le courage de Cassandre<\/em><\/td><td>3<sup>e<\/sup><\/td><td>Laurent Le Chanu<\/td><\/tr><tr><td>2<sup>e<\/sup> ex aequo<\/td><td>Coll\u00e8ge Notre-Dame de Kerbertrand (Quimperl\u00e9)<\/td><td><em>Elissa et le gardien des secrets marins<\/em><\/td><td>4<sup>e<\/sup><\/td><td>Colette de Messi\u00e8res de L\u00e9pervanche<\/td><\/tr><tr><td>2<sup>e<\/sup> ex aequo<\/td><td>Coll\u00e8ge Jules Lequier (Pl\u00e9rin)<\/td><td><em>Pers\u00e9e, la qu\u00eate du fils condamn\u00e9<\/em><\/td><td>3<sup>e<\/sup><\/td><td>L. Le Chanu<\/td><\/tr><tr><td>3<sup>e<\/sup> &nbsp;<\/td><td>Coll\u00e8ge Germaine Tillion&nbsp; (La M\u00e9zi\u00e8re)<\/td><td><em>Amour impossible sur l\u2019\u00eele<\/em><\/td><td>3<sup>e<\/sup><\/td><td>Luca Nanni<\/td><\/tr><\/tbody><\/table><\/figure>\n\n\n\n<hr class=\"wp-block-separator has-alpha-channel-opacity\"\/>\n\n\n\n<p class=\"has-medium-font-size\"><em>Le courage de Cassandre<\/em> &#8211; 1er prix coll\u00e8ges <\/p>\n\n\n\n<p>R\u00e9alis\u00e9 par les \u00e9l\u00e8ves du coll\u00e8ge Jules Lequier de Pl\u00e9rin (C\u00f4tes d&rsquo;Armor)<\/p>\n\n\n\n<figure class=\"wp-block-audio\"><audio controls src=\"http:\/\/www.arelabretagne.levillage.org\/bibliotheque\/2025\/06\/Le-courage-de-Cassandre.mp3\"><\/audio><\/figure>\n\n\n\n<hr class=\"wp-block-separator has-alpha-channel-opacity\"\/>\n\n\n\n<p class=\"has-medium-font-size\"><em>Didon ou la trajectoire d&rsquo;une vie bris\u00e9e<\/em> &#8211; 1er prix lyc\u00e9es <\/p>\n\n\n\n<p>R\u00e9alis\u00e9 par les \u00e9l\u00e8ves du lyc\u00e9e Auguste Pavie de Guingamp (C\u00f4tes d&rsquo;Armor)<\/p>\n\n\n\n<figure class=\"wp-block-audio\"><audio controls src=\"http:\/\/www.arelabretagne.levillage.org\/bibliotheque\/2025\/06\/Groupe-6-Jules-Ninnog-Berhet-Amelia.mp3\"><\/audio><\/figure>\n\n\n\n<hr class=\"wp-block-separator has-alpha-channel-opacity\"\/>\n\n\n\n<figure class=\"wp-block-image size-large\"><img loading=\"lazy\" decoding=\"async\" width=\"1024\" height=\"768\" data-attachment-id=\"2432\" data-permalink=\"http:\/\/www.arelabretagne.levillage.org\/?attachment_id=2432\" data-orig-file=\"http:\/\/www.arelabretagne.levillage.org\/bibliotheque\/2025\/06\/remise-des-prix-a-Guingamp.jpg\" data-orig-size=\"1256,942\" data-comments-opened=\"0\" data-image-meta=\"{&quot;aperture&quot;:&quot;0&quot;,&quot;credit&quot;:&quot;&quot;,&quot;camera&quot;:&quot;&quot;,&quot;caption&quot;:&quot;&quot;,&quot;created_timestamp&quot;:&quot;0&quot;,&quot;copyright&quot;:&quot;&quot;,&quot;focal_length&quot;:&quot;0&quot;,&quot;iso&quot;:&quot;0&quot;,&quot;shutter_speed&quot;:&quot;0&quot;,&quot;title&quot;:&quot;&quot;,&quot;orientation&quot;:&quot;0&quot;}\" data-image-title=\"remise des prix a\u0300 Guingamp\" data-image-description=\"\" data-image-caption=\"\" data-large-file=\"http:\/\/www.arelabretagne.levillage.org\/bibliotheque\/2025\/06\/remise-des-prix-a-Guingamp-1024x768.jpg\" src=\"http:\/\/www.arelabretagne.levillage.org\/bibliotheque\/2025\/06\/remise-des-prix-a-Guingamp-1024x768.jpg\" alt=\"\" class=\"wp-image-2432\" srcset=\"http:\/\/www.arelabretagne.levillage.org\/bibliotheque\/2025\/06\/remise-des-prix-a-Guingamp-1024x768.jpg 1024w, http:\/\/www.arelabretagne.levillage.org\/bibliotheque\/2025\/06\/remise-des-prix-a-Guingamp-300x225.jpg 300w, http:\/\/www.arelabretagne.levillage.org\/bibliotheque\/2025\/06\/remise-des-prix-a-Guingamp-768x576.jpg 768w, http:\/\/www.arelabretagne.levillage.org\/bibliotheque\/2025\/06\/remise-des-prix-a-Guingamp-624x468.jpg 624w, http:\/\/www.arelabretagne.levillage.org\/bibliotheque\/2025\/06\/remise-des-prix-a-Guingamp.jpg 1256w\" sizes=\"auto, (max-width: 1024px) 100vw, 1024px\" \/><\/figure>\n\n\n\n<figure class=\"wp-block-image size-large\"><img loading=\"lazy\" decoding=\"async\" width=\"1024\" height=\"768\" data-attachment-id=\"2443\" data-permalink=\"http:\/\/www.arelabretagne.levillage.org\/?attachment_id=2443\" data-orig-file=\"http:\/\/www.arelabretagne.levillage.org\/bibliotheque\/2025\/06\/les-laureats-a-Guingamp-1-scaled.jpg\" data-orig-size=\"2560,1920\" data-comments-opened=\"0\" data-image-meta=\"{&quot;aperture&quot;:&quot;1.8&quot;,&quot;credit&quot;:&quot;&quot;,&quot;camera&quot;:&quot;SM-G780G&quot;,&quot;caption&quot;:&quot;&quot;,&quot;created_timestamp&quot;:&quot;1749052945&quot;,&quot;copyright&quot;:&quot;&quot;,&quot;focal_length&quot;:&quot;5.4&quot;,&quot;iso&quot;:&quot;250&quot;,&quot;shutter_speed&quot;:&quot;0.01&quot;,&quot;title&quot;:&quot;&quot;,&quot;orientation&quot;:&quot;1&quot;}\" data-image-title=\"les laure\u0301ats a\u0300 Guingamp 1\" data-image-description=\"\" data-image-caption=\"\" data-large-file=\"http:\/\/www.arelabretagne.levillage.org\/bibliotheque\/2025\/06\/les-laureats-a-Guingamp-1-1024x768.jpg\" src=\"http:\/\/www.arelabretagne.levillage.org\/bibliotheque\/2025\/06\/les-laureats-a-Guingamp-1-1024x768.jpg\" alt=\"\" class=\"wp-image-2443\" srcset=\"http:\/\/www.arelabretagne.levillage.org\/bibliotheque\/2025\/06\/les-laureats-a-Guingamp-1-1024x768.jpg 1024w, http:\/\/www.arelabretagne.levillage.org\/bibliotheque\/2025\/06\/les-laureats-a-Guingamp-1-300x225.jpg 300w, http:\/\/www.arelabretagne.levillage.org\/bibliotheque\/2025\/06\/les-laureats-a-Guingamp-1-768x576.jpg 768w, http:\/\/www.arelabretagne.levillage.org\/bibliotheque\/2025\/06\/les-laureats-a-Guingamp-1-1536x1152.jpg 1536w, http:\/\/www.arelabretagne.levillage.org\/bibliotheque\/2025\/06\/les-laureats-a-Guingamp-1-2048x1536.jpg 2048w, http:\/\/www.arelabretagne.levillage.org\/bibliotheque\/2025\/06\/les-laureats-a-Guingamp-1-624x468.jpg 624w\" sizes=\"auto, (max-width: 1024px) 100vw, 1024px\" \/><\/figure>\n\n\n\n<p class=\"has-text-align-center\">La remise des prix au lyc\u00e9e Auguste Pavie de Guingamp<\/p>\n\n\n\n<figure class=\"wp-block-image size-large\"><img loading=\"lazy\" decoding=\"async\" width=\"1024\" height=\"768\" data-attachment-id=\"2433\" data-permalink=\"http:\/\/www.arelabretagne.levillage.org\/?attachment_id=2433\" data-orig-file=\"http:\/\/www.arelabretagne.levillage.org\/bibliotheque\/2025\/06\/unepartie-des-lots-scaled.jpg\" data-orig-size=\"2560,1920\" data-comments-opened=\"0\" data-image-meta=\"{&quot;aperture&quot;:&quot;2.2&quot;,&quot;credit&quot;:&quot;&quot;,&quot;camera&quot;:&quot;SM-G780G&quot;,&quot;caption&quot;:&quot;&quot;,&quot;created_timestamp&quot;:&quot;1748773498&quot;,&quot;copyright&quot;:&quot;&quot;,&quot;focal_length&quot;:&quot;1.74&quot;,&quot;iso&quot;:&quot;40&quot;,&quot;shutter_speed&quot;:&quot;0.0040816326530612&quot;,&quot;title&quot;:&quot;&quot;,&quot;orientation&quot;:&quot;1&quot;}\" data-image-title=\"unepartie des lots\" data-image-description=\"\" data-image-caption=\"\" data-large-file=\"http:\/\/www.arelabretagne.levillage.org\/bibliotheque\/2025\/06\/unepartie-des-lots-1024x768.jpg\" src=\"http:\/\/www.arelabretagne.levillage.org\/bibliotheque\/2025\/06\/unepartie-des-lots-1024x768.jpg\" alt=\"\" class=\"wp-image-2433\" srcset=\"http:\/\/www.arelabretagne.levillage.org\/bibliotheque\/2025\/06\/unepartie-des-lots-1024x768.jpg 1024w, http:\/\/www.arelabretagne.levillage.org\/bibliotheque\/2025\/06\/unepartie-des-lots-300x225.jpg 300w, http:\/\/www.arelabretagne.levillage.org\/bibliotheque\/2025\/06\/unepartie-des-lots-768x576.jpg 768w, http:\/\/www.arelabretagne.levillage.org\/bibliotheque\/2025\/06\/unepartie-des-lots-1536x1152.jpg 1536w, http:\/\/www.arelabretagne.levillage.org\/bibliotheque\/2025\/06\/unepartie-des-lots-2048x1536.jpg 2048w, http:\/\/www.arelabretagne.levillage.org\/bibliotheque\/2025\/06\/unepartie-des-lots-624x468.jpg 624w\" sizes=\"auto, (max-width: 1024px) 100vw, 1024px\" \/><\/figure>\n\n\n\n<p class=\"has-text-align-center\">Les lots des laur\u00e9ats niveau lyc\u00e9e<\/p>\n\n\n\n<hr class=\"wp-block-separator has-alpha-channel-opacity\"\/>\n\n\n\n<figure class=\"wp-block-image size-large\"><img loading=\"lazy\" decoding=\"async\" width=\"1024\" height=\"674\" data-attachment-id=\"2434\" data-permalink=\"http:\/\/www.arelabretagne.levillage.org\/?attachment_id=2434\" data-orig-file=\"http:\/\/www.arelabretagne.levillage.org\/bibliotheque\/2025\/06\/groupe-scaled.jpg\" data-orig-size=\"2560,1685\" data-comments-opened=\"0\" data-image-meta=\"{&quot;aperture&quot;:&quot;0&quot;,&quot;credit&quot;:&quot;&quot;,&quot;camera&quot;:&quot;SM-A426B&quot;,&quot;caption&quot;:&quot;&quot;,&quot;created_timestamp&quot;:&quot;1749124431&quot;,&quot;copyright&quot;:&quot;&quot;,&quot;focal_length&quot;:&quot;0&quot;,&quot;iso&quot;:&quot;80&quot;,&quot;shutter_speed&quot;:&quot;0&quot;,&quot;title&quot;:&quot;&quot;,&quot;orientation&quot;:&quot;0&quot;}\" data-image-title=\"groupe\" data-image-description=\"\" data-image-caption=\"\" data-large-file=\"http:\/\/www.arelabretagne.levillage.org\/bibliotheque\/2025\/06\/groupe-1024x674.jpg\" src=\"http:\/\/www.arelabretagne.levillage.org\/bibliotheque\/2025\/06\/groupe-1024x674.jpg\" alt=\"\" class=\"wp-image-2434\" srcset=\"http:\/\/www.arelabretagne.levillage.org\/bibliotheque\/2025\/06\/groupe-1024x674.jpg 1024w, http:\/\/www.arelabretagne.levillage.org\/bibliotheque\/2025\/06\/groupe-300x197.jpg 300w, http:\/\/www.arelabretagne.levillage.org\/bibliotheque\/2025\/06\/groupe-768x505.jpg 768w, http:\/\/www.arelabretagne.levillage.org\/bibliotheque\/2025\/06\/groupe-1536x1011.jpg 1536w, http:\/\/www.arelabretagne.levillage.org\/bibliotheque\/2025\/06\/groupe-2048x1348.jpg 2048w, http:\/\/www.arelabretagne.levillage.org\/bibliotheque\/2025\/06\/groupe-624x411.jpg 624w\" sizes=\"auto, (max-width: 1024px) 100vw, 1024px\" \/><\/figure>\n\n\n\n<p class=\"has-text-align-center\">La c\u00e9r\u00e9monie de remise des prix niveau coll\u00e8ge \u00e0&nbsp;Quimperl\u00e9.<\/p>\n\n\n\n<figure class=\"wp-block-image size-large\"><img loading=\"lazy\" decoding=\"async\" width=\"768\" height=\"1024\" data-attachment-id=\"2435\" data-permalink=\"http:\/\/www.arelabretagne.levillage.org\/?attachment_id=2435\" data-orig-file=\"http:\/\/www.arelabretagne.levillage.org\/bibliotheque\/2025\/06\/devant-les-cadeaux-scaled.jpg\" data-orig-size=\"1920,2560\" data-comments-opened=\"0\" data-image-meta=\"{&quot;aperture&quot;:&quot;1.8&quot;,&quot;credit&quot;:&quot;&quot;,&quot;camera&quot;:&quot;SM-A426B&quot;,&quot;caption&quot;:&quot;&quot;,&quot;created_timestamp&quot;:&quot;1749124614&quot;,&quot;copyright&quot;:&quot;&quot;,&quot;focal_length&quot;:&quot;4.6&quot;,&quot;iso&quot;:&quot;160&quot;,&quot;shutter_speed&quot;:&quot;0.02&quot;,&quot;title&quot;:&quot;&quot;,&quot;orientation&quot;:&quot;1&quot;}\" data-image-title=\"devant les cadeaux\" data-image-description=\"\" data-image-caption=\"\" data-large-file=\"http:\/\/www.arelabretagne.levillage.org\/bibliotheque\/2025\/06\/devant-les-cadeaux-768x1024.jpg\" src=\"http:\/\/www.arelabretagne.levillage.org\/bibliotheque\/2025\/06\/devant-les-cadeaux-768x1024.jpg\" alt=\"\" class=\"wp-image-2435\" srcset=\"http:\/\/www.arelabretagne.levillage.org\/bibliotheque\/2025\/06\/devant-les-cadeaux-768x1024.jpg 768w, http:\/\/www.arelabretagne.levillage.org\/bibliotheque\/2025\/06\/devant-les-cadeaux-225x300.jpg 225w, http:\/\/www.arelabretagne.levillage.org\/bibliotheque\/2025\/06\/devant-les-cadeaux-1152x1536.jpg 1152w, http:\/\/www.arelabretagne.levillage.org\/bibliotheque\/2025\/06\/devant-les-cadeaux-1536x2048.jpg 1536w, http:\/\/www.arelabretagne.levillage.org\/bibliotheque\/2025\/06\/devant-les-cadeaux-624x832.jpg 624w, http:\/\/www.arelabretagne.levillage.org\/bibliotheque\/2025\/06\/devant-les-cadeaux-scaled.jpg 1920w\" sizes=\"auto, (max-width: 768px) 100vw, 768px\" \/><\/figure>\n\n\n\n<hr class=\"wp-block-separator has-alpha-channel-opacity\"\/>\n\n\n\n<div id=\"section-g-soos6ds\" class=\"wp-block-gutentor-e1 section-g-soos6ds gutentor-element gutentor-element-advanced-text text-align-justify-desktop\"><div class=\"gutentor-text-wrap\"><p class=\"gutentor-text\"><br><strong>Remise des prix du concours 2025 de l\u2019ARELA-Bretagne<br><\/strong><br>Mercredi 4 juin ont \u00e9t\u00e9 remis les prix du concours de langues anciennes de notre association. Une c\u00e9r\u00e9monie a \u00e9t\u00e9 organis\u00e9e au lyc\u00e9e Auguste Pavie de Guingamp (\u00e9tablissement vainqueur dans la cat\u00e9gorie lyc\u00e9e), o\u00f9 se sont d\u00e9plac\u00e9s les \u00e9l\u00e8ves laur\u00e9ats et leurs professeurs respectifs ainsi que quelques parents, venus des lyc\u00e9es F\u00e9lix Le Dantec de Lannion et Tristan Corbi\u00e8re de Morlaix, ainsi que des coll\u00e8ges Lequier de Pl\u00e9rin et Germaine Tillion de la M\u00e9zi\u00e8re (Ille-et-Vilaine).&nbsp; Sabrina Le Berre, membre du bureau de l\u2019ARELA-Bretagne, s\u2019est rendue directement au coll\u00e8ge Notre-Dame de Kerbertrand de Quimperl\u00e9 pour remettre leurs prix aux laur\u00e9ats.<br><br>Tous ont alors re\u00e7u les dipl\u00f4mes officialisant leurs prix et de nombreux cadeaux&nbsp;: livres, objets en rapport avec l\u2019antiquit\u00e9 achet\u00e9s par l\u2019ARELA-Bretagne dans des boutiques de mus\u00e9es en France (Arles, N\u00eemes) ou en Gr\u00e8ce ou en Italie, trousses et carnets\u2026<br><br>Le concours r\u00e9compensant des classes&nbsp; et des productions collectives, les abonnements \u00e0 <em>Arch\u00e9ologia<\/em> offerts par les \u00e9ditions Faton ont \u00e9t\u00e9 donn\u00e9s aux \u00e9tablissements. Les ch\u00e8ques pour les prix en esp\u00e8ces financ\u00e9s directement par l\u2019ARELA-Bretagne ont \u00e9t\u00e9 faits \u00e0 l\u2019ordre du FSE ou \u00e0 la MDL des \u00e9tablissements prim\u00e9s, charge ensuite aux professeurs d\u2019utiliser la somme \u00e0 leur guise pour r\u00e9compenser leurs classes ou les \u00e9l\u00e8ves les plus m\u00e9ritants.<br><br>Encore toutes nos f\u00e9licitations aux gagnants et nos remerciements aux coll\u00e8gues qui, sans acc\u00e9der au podium, ont fait participer leurs classes \u00e0 ce concours motivant&nbsp;! Nous les encourageons tous \u00e0 s\u2019engager avec le m\u00eame enthousiasme l\u2019an prochain&nbsp;!<\/p><\/div><\/div>\n","protected":false},"excerpt":{"rendered":"<p>Th\u00e8me&nbsp;: Imaginez une rencontre \u00e9tonnante, au cours d\u2019un voyage d\u2019un h\u00e9ros ou d\u2019une h\u00e9ro\u00efne (Ulysse, Jason, Th\u00e9s\u00e9e, Pers\u00e9e, Ariane, Nausicaa, Elissa, M\u00e9d\u00e9e\u2026) en M\u00e9diterran\u00e9e. Modalit\u00e9s&nbsp;: une production collective qui pourra prendre la forme d\u2019un texte narratif ou d\u2019une sc\u00e8ne de th\u00e9\u00e2tre, accompagn\u00e9e d\u2019une mise en voix. Les laur\u00e9ats du concours 2025 Lyc\u00e9es Rang Etablissement titre [&hellip;]<\/p>\n","protected":false},"author":1,"featured_media":0,"parent":0,"menu_order":0,"comment_status":"closed","ping_status":"closed","template":"","meta":{"jetpack_post_was_ever_published":false,"footnotes":""},"class_list":["post-2263","page","type-page","status-publish","hentry"],"jetpack_shortlink":"https:\/\/wp.me\/P2hPjg-Av","jetpack_sharing_enabled":true,"jetpack_likes_enabled":true,"_links":{"self":[{"href":"http:\/\/www.arelabretagne.levillage.org\/index.php?rest_route=\/wp\/v2\/pages\/2263","targetHints":{"allow":["GET"]}}],"collection":[{"href":"http:\/\/www.arelabretagne.levillage.org\/index.php?rest_route=\/wp\/v2\/pages"}],"about":[{"href":"http:\/\/www.arelabretagne.levillage.org\/index.php?rest_route=\/wp\/v2\/types\/page"}],"author":[{"embeddable":true,"href":"http:\/\/www.arelabretagne.levillage.org\/index.php?rest_route=\/wp\/v2\/users\/1"}],"replies":[{"embeddable":true,"href":"http:\/\/www.arelabretagne.levillage.org\/index.php?rest_route=%2Fwp%2Fv2%2Fcomments&post=2263"}],"version-history":[{"count":17,"href":"http:\/\/www.arelabretagne.levillage.org\/index.php?rest_route=\/wp\/v2\/pages\/2263\/revisions"}],"predecessor-version":[{"id":2476,"href":"http:\/\/www.arelabretagne.levillage.org\/index.php?rest_route=\/wp\/v2\/pages\/2263\/revisions\/2476"}],"wp:attachment":[{"href":"http:\/\/www.arelabretagne.levillage.org\/index.php?rest_route=%2Fwp%2Fv2%2Fmedia&parent=2263"}],"curies":[{"name":"wp","href":"https:\/\/api.w.org\/{rel}","templated":true}]}}